{"version":"1.0","provider_name":"La Confr\u00e9rie des Vignerons de Vevey","provider_url":"https:\/\/www.confreriedesvignerons.ch\/de\/","author_name":"ergopix","author_url":"https:\/\/www.confreriedesvignerons.ch\/de\/author\/ergopix\/","title":"Geschichte - La Confr\u00e9rie des Vignerons de Vevey","type":"rich","width":600,"height":338,"html":"<blockquote class=\"wp-embedded-content\" data-secret=\"ridvNdD8Sp\"><a href=\"https:\/\/www.confreriedesvignerons.ch\/de\/presentation\/geschichte\/\">Geschichte<\/a><\/blockquote><iframe sandbox=\"allow-scripts\" security=\"restricted\" src=\"https:\/\/www.confreriedesvignerons.ch\/de\/presentation\/geschichte\/embed\/#?secret=ridvNdD8Sp\" width=\"600\" height=\"338\" title=\"&#8222;Geschichte&#8220; &#8211; La Confr\u00e9rie des Vignerons de Vevey\" data-secret=\"ridvNdD8Sp\" frameborder=\"0\" marginwidth=\"0\" marginheight=\"0\" scrolling=\"no\" class=\"wp-embedded-content\"><\/iframe><script type=\"text\/javascript\">\n\/* <![CDATA[ *\/\n\/*! This file is auto-generated *\/\n!function(d,l){\"use strict\";l.querySelector&&d.addEventListener&&\"undefined\"!=typeof URL&&(d.wp=d.wp||{},d.wp.receiveEmbedMessage||(d.wp.receiveEmbedMessage=function(e){var t=e.data;if((t||t.secret||t.message||t.value)&&!\/[^a-zA-Z0-9]\/.test(t.secret)){for(var s,r,n,a=l.querySelectorAll('iframe[data-secret=\"'+t.secret+'\"]'),o=l.querySelectorAll('blockquote[data-secret=\"'+t.secret+'\"]'),c=new RegExp(\"^https?:$\",\"i\"),i=0;i<o.length;i++)o[i].style.display=\"none\";for(i=0;i<a.length;i++)s=a[i],e.source===s.contentWindow&&(s.removeAttribute(\"style\"),\"height\"===t.message?(1e3<(r=parseInt(t.value,10))?r=1e3:~~r<200&&(r=200),s.height=r):\"link\"===t.message&&(r=new URL(s.getAttribute(\"src\")),n=new URL(t.value),c.test(n.protocol))&&n.host===r.host&&l.activeElement===s&&(d.top.location.href=t.value))}},d.addEventListener(\"message\",d.wp.receiveEmbedMessage,!1),l.addEventListener(\"DOMContentLoaded\",function(){for(var e,t,s=l.querySelectorAll(\"iframe.wp-embedded-content\"),r=0;r<s.length;r++)(t=(e=s[r]).getAttribute(\"data-secret\"))||(t=Math.random().toString(36).substring(2,12),e.src+=\"#?secret=\"+t,e.setAttribute(\"data-secret\",t)),e.contentWindow.postMessage({message:\"ready\",secret:t},\"*\")},!1)))}(window,document);\n\/\/# sourceURL=https:\/\/www.confreriedesvignerons.ch\/wp-includes\/js\/wp-embed.min.js\n\/* ]]> *\/\n<\/script>\n","thumbnail_url":"https:\/\/www.confreriedesvignerons.ch\/wp-content\/uploads\/histoire.png","thumbnail_width":"245","thumbnail_height":"574","description":"Ein St\u00fcck Geschichte : von den Urspr\u00fcngen der Bruderschaft \u201cDer Zeitraum und ungl\u00fcckliche Geschehnisse haben ihren Ursprung in undurchdringliche Nebel geh\u00fcllt.\u201d Beschreibung der Gesellschaft und des Winzerfestes von 1781 \u201cWas den Ursprung dieser Bruderschaft angeht, [&#8230;] so scheint sie in die fr\u00fcheste Antike zur\u00fcckzuf\u00fchren und sich in grauer Vorzeit zu verlieren.\u201d Manual 3, 14.2.1789 Die [&hellip;]"}